{"id":3614,"date":"2024-05-09T09:28:10","date_gmt":"2024-05-09T07:28:10","guid":{"rendered":"https:\/\/www.festivalcinemambiente.it\/?page_id=3614"},"modified":"2025-12-02T17:05:14","modified_gmt":"2025-12-02T16:05:14","slug":"home-festival-27-edizione","status":"publish","type":"page","link":"https:\/\/www.festivalcinemambiente.it\/it\/","title":{"rendered":"home-festival-29-edizione"},"content":{"rendered":"<section class=\"l-section wpb_row us_custom_7c4a8cd7 height_auto full_height valign_center\"><div class=\"l-section-h i-cf\"><div class=\"g-cols vc_row via_grid cols_1 laptops-cols_inherit tablets-cols_inherit mobiles-cols_1 valign_top type_default\" style=\"grid-gap:0;\"><div class=\"wpb_column vc_column_container\"><div class=\"vc_column-inner\">\n\t\t\t<!-- START Slider homepage REVOLUTION SLIDER 6.5.19 --><p class=\"rs-p-wp-fix\"><\/p>\n\t\t\t<rs-module-wrap id=\"rev_slider_4_1_wrapper\" data-source=\"gallery\" style=\"visibility:hidden;background:transparent;padding:0;\">\n\t\t\t\t<rs-module id=\"rev_slider_4_1\" style=\"\" data-version=\"6.5.19\">\n\t\t\t\t\t<rs-slides>\n\t\t\t\t\t\t<rs-slide style=\"position: absolute;\" data-key=\"rs-5\" data-title=\"Slide\" data-thumb=\"\/\/www.festivalcinemambiente.it\/wp-content\/uploads\/2026\/01\/CAsito.jpg\" data-in=\"o:0;\" data-out=\"a:false;\">\n\t\t\t\t\t\t\t<img src=\"\/\/www.festivalcinemambiente.it\/wp-content\/plugins\/revslider\/public\/assets\/assets\/dummy.png\" alt=\"\" title=\"CAsito\" width=\"2560\" height=\"1280\" class=\"rev-slidebg tp-rs-img rs-lazyload\" data-lazyload=\"\/\/www.festivalcinemambiente.it\/wp-content\/uploads\/2026\/01\/CAsito.jpg\" data-parallax=\"off\" data-no-retina>\n<!--\n\t\t\t\t\t\t\t--><rs-layer\n\t\t\t\t\t\t\t\tid=\"slider-4-slide-5-layer-1\" \n\t\t\t\t\t\t\t\tdata-type=\"image\"\n\t\t\t\t\t\t\t\tdata-rsp_ch=\"on\"\n\t\t\t\t\t\t\t\tdata-xy=\"x:l,l,l,c;xo:50px,50px,20px,0;y:t,t,t,m;yo:50px,50px,20px,0;\"\n\t\t\t\t\t\t\t\tdata-text=\"w:normal;s:20,20,8,4;l:0,0,10,6;\"\n\t\t\t\t\t\t\t\tdata-dim=\"w:300px,300px,121px,100%;h:180px,180px,72px,auto;\"\n\t\t\t\t\t\t\t\tdata-vbility=\"f,f,f,t\"\n\t\t\t\t\t\t\t\tdata-frame_999=\"o:0;st:w;\"\n\t\t\t\t\t\t\t\tstyle=\"z-index:5;\"\n\t\t\t\t\t\t\t><img src=\"\/\/www.festivalcinemambiente.it\/wp-content\/plugins\/revslider\/public\/assets\/assets\/dummy.png\" alt=\"\" class=\"tp-rs-img rs-lazyload\" width=\"958\" height=\"1702\" data-lazyload=\"\/\/www.festivalcinemambiente.it\/wp-content\/uploads\/2026\/01\/CAsito_mobile.jpg\" data-no-retina> \n\t\t\t\t\t\t\t<\/rs-layer><!--\n-->\t\t\t\t\t\t<\/rs-slide>\n\t\t\t\t\t\t<rs-slide style=\"position: absolute;\" data-key=\"rs-8\" data-title=\"Slide\" data-thumb=\"\/\/www.festivalcinemambiente.it\/wp-content\/uploads\/2026\/01\/CAJ2026_sito_2.jpg\" data-in=\"o:0;\" data-out=\"a:false;\">\n\t\t\t\t\t\t\t<img src=\"\/\/www.festivalcinemambiente.it\/wp-content\/plugins\/revslider\/public\/assets\/assets\/dummy.png\" alt=\"\" title=\"CAJ2026_sito_2\" width=\"2276\" height=\"1280\" class=\"rev-slidebg tp-rs-img rs-lazyload\" data-lazyload=\"\/\/www.festivalcinemambiente.it\/wp-content\/uploads\/2026\/01\/CAJ2026_sito_2.jpg\" data-bg=\"f:100% 100%;\" data-parallax=\"off\" data-no-retina>\n<!--\n\t\t\t\t\t\t\t--><rs-layer\n\t\t\t\t\t\t\t\tid=\"slider-4-slide-8-layer-0\" \n\t\t\t\t\t\t\t\tdata-type=\"image\"\n\t\t\t\t\t\t\t\tdata-rsp_ch=\"on\"\n\t\t\t\t\t\t\t\tdata-xy=\"x:l,l,l,c;xo:50px,50px,20px,0;y:t,t,t,m;yo:50px,50px,20px,0;\"\n\t\t\t\t\t\t\t\tdata-text=\"w:normal;s:20,20,8,4;l:0,0,10,6;\"\n\t\t\t\t\t\t\t\tdata-dim=\"w:300px,300px,121px,100%;h:180px,180px,72px,auto;\"\n\t\t\t\t\t\t\t\tdata-vbility=\"f,f,f,t\"\n\t\t\t\t\t\t\t\tdata-frame_999=\"o:0;st:w;\"\n\t\t\t\t\t\t\t\tstyle=\"z-index:9;\"\n\t\t\t\t\t\t\t><img src=\"\/\/www.festivalcinemambiente.it\/wp-content\/plugins\/revslider\/public\/assets\/assets\/dummy.png\" alt=\"\" class=\"tp-rs-img rs-lazyload\" width=\"1440\" height=\"2560\" data-lazyload=\"\/\/www.festivalcinemambiente.it\/wp-content\/uploads\/2026\/01\/CAJ2026_sito_mobile-scaled.jpg\" data-no-retina> \n\t\t\t\t\t\t\t<\/rs-layer><!--\n\n\t\t\t\t\t\t\t--><a\n\t\t\t\t\t\t\t\tid=\"slider-4-slide-8-layer-2\" \n\t\t\t\t\t\t\t\tclass=\"rs-layer rev-btn rev-hiddenicon\"\n\t\t\t\t\t\t\t\thref=\"https:\/\/www.festivalcinemambiente.it\/it\/2026-festival-cinemambiente\/programma\/34\/\" target=\"_self\"\n\t\t\t\t\t\t\t\tdata-type=\"button\"\n\t\t\t\t\t\t\t\tdata-rsp_ch=\"on\"\n\t\t\t\t\t\t\t\tdata-xy=\"x:c;y:b;\"\n\t\t\t\t\t\t\t\tdata-text=\"w:normal;s:17,17,6,4;l:20,20,8,6;ls:1,1,0,0;\"\n\t\t\t\t\t\t\t\tdata-dim=\"minh:0px,none,none,none;\"\n\t\t\t\t\t\t\t\tdata-vbility=\"t,t,f,f\"\n\t\t\t\t\t\t\t\tdata-padding=\"t:12,12,5,3;r:35,35,14,9;b:12,12,5,3;l:35,35,14,9;\"\n\t\t\t\t\t\t\t\tdata-border=\"bor:30px,30px,30px,30px;\"\n\t\t\t\t\t\t\t\tdata-frame_999=\"o:0;st:w;\"\n\t\t\t\t\t\t\t\tdata-frame_hover=\"c:#000;bgc:#fff;bor:30px,30px,30px,30px;sp:200;\"\n\t\t\t\t\t\t\t\tstyle=\"z-index:8;background-color:rgba(0,0,0,0.75);font-family:'Roboto';text-transform:uppercase;margin-bottom:350px!important;\"\n\t\t\t\t\t\t\t>Programma proiezioni<i class=\"fa-chevron-right\"><\/i> \n\t\t\t\t\t\t\t<\/a><!--\n-->\t\t\t\t\t\t<\/rs-slide>\n\t\t\t\t\t<\/rs-slides>\n\t\t\t\t\t<rs-static-layers><!--\n\t\t\t\t\t--><\/rs-static-layers>\n\t\t\t\t<\/rs-module>\n\t\t\t\t<script>\n\t\t\t\t\tsetREVStartSize({c: 'rev_slider_4_1',rl:[1240,1024,778,480],el:[1280,1280,960,720],gw:[1920,1920,778,480],gh:[1280,1280,960,720],type:'standard',justify:'',layout:'fullscreen',offsetContainer:'',offset:'',mh:\"0\"});if (window.RS_MODULES!==undefined && window.RS_MODULES.modules!==undefined && window.RS_MODULES.modules[\"revslider41\"]!==undefined) {window.RS_MODULES.modules[\"revslider41\"].once = false;window.revapi4 = undefined;if (window.RS_MODULES.checkMinimal!==undefined) window.RS_MODULES.checkMinimal()}\n\t\t\t\t<\/script>\n\t\t\t<\/rs-module-wrap>\n\t\t\t<!-- END REVOLUTION SLIDER -->\n<\/div><\/div><\/div><\/div><\/section><section class=\"l-section wpb_row height_medium\" id=\"loghi-no-festival\"><div class=\"l-section-h i-cf\"><div class=\"g-cols vc_row via_grid cols_1 laptops-cols_inherit tablets-cols_inherit mobiles-cols_1 valign_top type_default\"><div class=\"wpb_column vc_column_container\"><div class=\"vc_column-inner\"><div class='ult_hotspot_container ult-adjust-bottom-margin ult-hotspot-tooltip-wrapper ' style=>  <img class='ult_hotspot_image' src=https:\/\/www.festivalcinemambiente.it\/wp-content\/uploads\/2025\/01\/aggiornamento-loghi.jpg alt='null'\/>     <div class='utl-hotspot-items ult-hotspot-item'><div class='ult-hotspot-item  ' style='top:-webkit-calc(19.94962442707393% - 16px);top:-moz-calc(19.94962442707393% - 16px);top:calc(19.94962442707393% - 16px);left: -webkit-calc(13.755367366412214% - 16px);left: -moz-calc(13.755367366412214% - 16px);left: calc(13.755367366412214% - 16px);' >  <div style='z-index: 39;position: relative;'>   <a data-link_style='simple' class='ult-tooltipstered ult-hotspot-tooltip' href=\"https:\/\/www.regione.piemonte.it\/web\/\" target=\"_blank\" rel=\"noopener\"  data-status='hide'><div class=\"ult-just-icon-wrapper  \"><div class=\"align-icon\" style=\"text-align:center;\">\n<div class=\"aio-icon  \"  style=\"font-size:32px;display:inline-block;\">\n\t<i class=\"Defaults-map-marker\"><\/i>\n<\/div><\/div><\/div>  <\/a> <\/div><!-- ICON WRAP --><\/div><div class='ult-hotspot-item  ' style='top:-webkit-calc(21.04132807058277% - 16px);top:-moz-calc(21.04132807058277% - 16px);top:calc(21.04132807058277% - 16px);left: -webkit-calc(30.25007951653944% - 16px);left: -moz-calc(30.25007951653944% - 16px);left: calc(30.25007951653944% - 16px);' >  <div style='z-index: 39;position: relative;'>   <a data-link_style='simple' class='ult-tooltipstered ult-hotspot-tooltip' href=\"http:\/\/www.comune.torino.it\/\" target=\"_blank\" rel=\"noopener\"  data-status='hide'><div class=\"ult-just-icon-wrapper  \"><div class=\"align-icon\" style=\"text-align:center;\">\n<div class=\"aio-icon  \"  style=\"font-size:32px;display:inline-block;\">\n\t<i class=\"Defaults-map-marker\"><\/i>\n<\/div><\/div><\/div>  <\/a> <\/div><!-- ICON WRAP --><\/div><div class='ult-hotspot-item  ' style='top:-webkit-calc(20.695341992793814% - 16px);top:-moz-calc(20.695341992793814% - 16px);top:calc(20.695341992793814% - 16px);left: -webkit-calc(47.127465012722645% - 16px);left: -moz-calc(47.127465012722645% - 16px);left: calc(47.127465012722645% - 16px);' >  <div style='z-index: 39;position: relative;'>   <a data-link_style='simple' class='ult-tooltipstered ult-hotspot-tooltip' href=\"https:\/\/www.compagniadisanpaolo.it\/it\/\" target=\"_blank\" rel=\"noopener\"  data-status='hide'><div class=\"ult-just-icon-wrapper  \"><div class=\"align-icon\" style=\"text-align:center;\">\n<div class=\"aio-icon  \"  style=\"font-size:32px;display:inline-block;\">\n\t<i class=\"Defaults-map-marker\"><\/i>\n<\/div><\/div><\/div>  <\/a> <\/div><!-- ICON WRAP --><\/div><div class='ult-hotspot-item  ' style='top:-webkit-calc(21.471291351718563% - 16px);top:-moz-calc(21.471291351718563% - 16px);top:calc(21.471291351718563% - 16px);left: -webkit-calc(60.17712309160306% - 16px);left: -moz-calc(60.17712309160306% - 16px);left: calc(60.17712309160306% - 16px);' >  <div style='z-index: 39;position: relative;'>   <a data-link_style='simple' class='ult-tooltipstered ult-hotspot-tooltip' href=\"https:\/\/www.fondazionecrt.it\/\" target=\"_blank\" rel=\"noopener\"  data-status='hide'><div class=\"ult-just-icon-wrapper  \"><div class=\"align-icon\" style=\"text-align:center;\">\n<div class=\"aio-icon  \"  style=\"font-size:32px;display:inline-block;\">\n\t<i class=\"Defaults-map-marker\"><\/i>\n<\/div><\/div><\/div>  <\/a> <\/div><!-- ICON WRAP --><\/div><div class='ult-hotspot-item  ' style='top:-webkit-calc(21.733300226160683% - 16px);top:-moz-calc(21.733300226160683% - 16px);top:calc(21.733300226160683% - 16px);left: -webkit-calc(72.23680025445293% - 16px);left: -moz-calc(72.23680025445293% - 16px);left: calc(72.23680025445293% - 16px);' >  <div style='z-index: 39;position: relative;'>   <a data-link_style='simple' class='ult-tooltipstered ult-hotspot-tooltip' href=\"https:\/\/www.gtt.to.it\/cms\/\" target=\"_blank\" rel=\"noopener\"  data-status='hide'><div class=\"ult-just-icon-wrapper  \"><div class=\"align-icon\" style=\"text-align:center;\">\n<div class=\"aio-icon  \"  style=\"font-size:32px;display:inline-block;\">\n\t<i class=\"Defaults-map-marker\"><\/i>\n<\/div><\/div><\/div>  <\/a> <\/div><!-- ICON WRAP --><\/div><div class='ult-hotspot-item  ' style='top:-webkit-calc(22.573072259629026% - 16px);top:-moz-calc(22.573072259629026% - 16px);top:calc(22.573072259629026% - 16px);left: -webkit-calc(82.49244592875317% - 16px);left: -moz-calc(82.49244592875317% - 16px);left: calc(82.49244592875317% - 16px);' >  <div style='z-index: 39;position: relative;'>   <a data-link_style='simple' class='ult-tooltipstered ult-hotspot-tooltip' href=\"https:\/\/amnc.it\/\" target=\"_blank\" rel=\"noopener\"  data-status='hide'><div class=\"ult-just-icon-wrapper  \"><div class=\"align-icon\" style=\"text-align:center;\">\n<div class=\"aio-icon  \"  style=\"font-size:32px;display:inline-block;\">\n\t<i class=\"Defaults-map-marker\"><\/i>\n<\/div><\/div><\/div>  <\/a> <\/div><!-- ICON WRAP --><\/div><div class='ult-hotspot-item  ' style='top:-webkit-calc(73.36584393192821% - 16px);top:-moz-calc(73.36584393192821% - 16px);top:calc(73.36584393192821% - 16px);left: -webkit-calc(34.70996342239186% - 16px);left: -moz-calc(34.70996342239186% - 16px);left: calc(34.70996342239186% - 16px);' >  <div style='z-index: 39;position: relative;'>   <a data-link_style='simple' class='ult-tooltipstered ult-hotspot-tooltip' href=\"https:\/\/www.greenfilmnet.org\/\" target=\"_blank\" rel=\"noopener\"  data-status='hide'><div class=\"ult-just-icon-wrapper  \"><div class=\"align-icon\" style=\"text-align:center;\">\n<div class=\"aio-icon  \"  style=\"font-size:32px;display:inline-block;\">\n\t<i class=\"Defaults-map-marker\"><\/i>\n<\/div><\/div><\/div>  <\/a> <\/div><!-- ICON WRAP --><\/div><div class='ult-hotspot-item  ' style='top:-webkit-calc(72.07491158676581% - 16px);top:-moz-calc(72.07491158676581% - 16px);top:calc(72.07491158676581% - 16px);left: -webkit-calc(16.544994040524433% - 16px);left: -moz-calc(16.544994040524433% - 16px);left: calc(16.544994040524433% - 16px);' >  <div style='z-index: 39;position: relative;'>   <a data-link_style='simple' class='ult-tooltipstered ult-hotspot-tooltip' href=\"https:\/\/www.aficfestival.it\/\" target=\"_blank\" rel=\"noopener\"  data-status='hide'><div class=\"ult-just-icon-wrapper  \"><div class=\"align-icon\" style=\"text-align:center;\">\n<div class=\"aio-icon  \"  style=\"font-size:32px;display:inline-block;\">\n\t<i class=\"Defaults-map-marker\"><\/i>\n<\/div><\/div><\/div>  <\/a> <\/div><!-- ICON WRAP --><\/div><div class='ult-hotspot-item  ' style='top:-webkit-calc(72.4785281704876% - 16px);top:-moz-calc(72.4785281704876% - 16px);top:calc(72.4785281704876% - 16px);left: -webkit-calc(69.69918224299066% - 16px);left: -moz-calc(69.69918224299066% - 16px);left: calc(69.69918224299066% - 16px);' >  <div style='z-index: 39;position: relative;'>   <a data-link_style='simple' class='ult-tooltipstered ult-hotspot-tooltip' href=\"https:\/\/www.co2reduction.it\/\" target=\"_blank\" rel=\"noopener\"  data-status='hide'><div class=\"ult-just-icon-wrapper  \"><div class=\"align-icon\" style=\"text-align:center;\">\n<div class=\"aio-icon  \"  style=\"font-size:32px;display:inline-block;\">\n\t<i class=\"Defaults-map-marker\"><\/i>\n<\/div><\/div><\/div>  <\/a> <\/div><!-- ICON WRAP --><\/div>\n<\/div>     <div style='color:#000;' data-image='    '><\/div><\/div><\/div><\/div><\/div><\/div><\/section><section class=\"l-section wpb_row height_auto width_full\" id=\"iscrizionifilm2colonne-bk\"><div class=\"l-section-h i-cf\"><div class=\"g-cols vc_row via_grid cols_2 laptops-cols_inherit tablets-cols_inherit mobiles-cols_1 valign_top type_default\" style=\"grid-gap:0;\"><div class=\"wpb_column vc_column_container us_custom_d9a0ff26 has_bg_color\"><div class=\"vc_column-inner\"><div class=\"ult-spacer spacer-69f1f559001fe\" data-id=\"69f1f559001fe\" data-height=\"50\" data-height-mobile=\"50\" data-height-tab=\"50\" data-height-tab-portrait=\"\" data-height-mobile-landscape=\"\" style=\"clear:both;display:block;\"><\/div><div class=\"wpb_text_column us_custom_4c6c6663 has_text_color\"><div class=\"wpb_wrapper\"><p>Iscrivi il tuo film al 29\u00b0 Festival CinemAmbiente<\/p>\n<\/div><\/div><div class=\"wpb_text_column us_custom_c0abddbc\"><div class=\"wpb_wrapper\"><p>Sono aperte le iscrizioni alle selezioni per la 29\u00b0 edizione del Festival CinemAmbiente che si terr\u00e0 al Cinema Massimo dal 3 al 7 giugno 2026 . La dead line per le iscrizioni dei film \u00e8 il 28 marzo 2026.<\/p>\n<\/div><\/div><div class=\"w-btn-wrapper align_none\"><a class=\"w-btn us-btn-style_4 us_custom_6df4bc3a has_text_color\" target=\"_blank\" href=\"https:\/\/filmfreeway.com\/Cinemambiente\" rel=\"noopener\"><span class=\"w-btn-label\">LEGGI IL REGOLAMENTO E CANDIDA IL TUO FILM<\/span><\/a><\/div><div class=\"ult-spacer spacer-69f1f55900951\" data-id=\"69f1f55900951\" data-height=\"30\" data-height-mobile=\"30\" data-height-tab=\"30\" data-height-tab-portrait=\"\" data-height-mobile-landscape=\"\" style=\"clear:both;display:block;\"><\/div><div class=\"wpb_text_column us_custom_c0abddbc\"><div class=\"wpb_wrapper\"><p>Segui il festival sui nostri canali Social.<\/p>\n<\/div><\/div><div class=\"w-hwrapper align_left valign_top\"><div class=\"w-image align_none\"><a target=\"_blank\" href=\"https:\/\/www.facebook.com\/cinemambientetorino\" rel=\"noopener\" aria-label=\"Link\" class=\"w-image-h\"><img width=\"40\" height=\"40\" src=\"https:\/\/www.festivalcinemambiente.it\/wp-content\/uploads\/2024\/02\/facebook-1.png\" class=\"attachment-us_40_40_crop size-us_40_40_crop\" alt=\"\" loading=\"lazy\" srcset=\"https:\/\/www.festivalcinemambiente.it\/wp-content\/uploads\/2024\/02\/facebook-1.png 500w, https:\/\/www.festivalcinemambiente.it\/wp-content\/uploads\/2024\/02\/facebook-1-300x300.png 300w, https:\/\/www.festivalcinemambiente.it\/wp-content\/uploads\/2024\/02\/facebook-1-150x150.png 150w, https:\/\/www.festivalcinemambiente.it\/wp-content\/uploads\/2024\/02\/facebook-1-350x350.png 350w, https:\/\/www.festivalcinemambiente.it\/wp-content\/uploads\/2024\/02\/facebook-1-250x250.png 250w\" sizes=\"(max-width: 40px) 100vw, 40px\" \/><\/a><\/div><div class=\"w-image align_none\"><a target=\"_blank\" href=\"https:\/\/www.instagram.com\/cinemambiente\/\" rel=\"noopener\" aria-label=\"Link\" class=\"w-image-h\"><img width=\"40\" height=\"40\" src=\"https:\/\/www.festivalcinemambiente.it\/wp-content\/uploads\/2024\/02\/instagram-1-40x40.png\" class=\"attachment-us_40_40_crop size-us_40_40_crop\" alt=\"\" loading=\"lazy\" srcset=\"https:\/\/www.festivalcinemambiente.it\/wp-content\/uploads\/2024\/02\/instagram-1-40x40.png 40w, https:\/\/www.festivalcinemambiente.it\/wp-content\/uploads\/2024\/02\/instagram-1-300x300.png 300w, https:\/\/www.festivalcinemambiente.it\/wp-content\/uploads\/2024\/02\/instagram-1-150x150.png 150w, https:\/\/www.festivalcinemambiente.it\/wp-content\/uploads\/2024\/02\/instagram-1-350x350.png 350w, https:\/\/www.festivalcinemambiente.it\/wp-content\/uploads\/2024\/02\/instagram-1-250x250.png 250w, https:\/\/www.festivalcinemambiente.it\/wp-content\/uploads\/2024\/02\/instagram-1.png 500w\" sizes=\"(max-width: 40px) 100vw, 40px\" \/><\/a><\/div><div class=\"w-image align_none\"><a target=\"_blank\" href=\"https:\/\/www.youtube.com\/user\/cinemambientefest\" rel=\"noopener\" aria-label=\"Link\" class=\"w-image-h\"><img width=\"40\" height=\"40\" src=\"https:\/\/www.festivalcinemambiente.it\/wp-content\/uploads\/2024\/02\/youtube-1-40x40.png\" class=\"attachment-us_40_40_crop size-us_40_40_crop\" alt=\"\" loading=\"lazy\" srcset=\"https:\/\/www.festivalcinemambiente.it\/wp-content\/uploads\/2024\/02\/youtube-1-40x40.png 40w, https:\/\/www.festivalcinemambiente.it\/wp-content\/uploads\/2024\/02\/youtube-1-300x300.png 300w, https:\/\/www.festivalcinemambiente.it\/wp-content\/uploads\/2024\/02\/youtube-1-150x150.png 150w, https:\/\/www.festivalcinemambiente.it\/wp-content\/uploads\/2024\/02\/youtube-1-350x350.png 350w, https:\/\/www.festivalcinemambiente.it\/wp-content\/uploads\/2024\/02\/youtube-1-250x250.png 250w, https:\/\/www.festivalcinemambiente.it\/wp-content\/uploads\/2024\/02\/youtube-1.png 500w\" sizes=\"(max-width: 40px) 100vw, 40px\" \/><\/a><\/div><div class=\"w-image align_none\"><a target=\"_blank\" href=\"https:\/\/www.flickr.com\/photos\/cinemambiente\/\" rel=\"noopener\" aria-label=\"Link\" class=\"w-image-h\"><img width=\"40\" height=\"40\" src=\"https:\/\/www.festivalcinemambiente.it\/wp-content\/uploads\/2024\/02\/flickr-40x40.png\" class=\"attachment-us_40_40_crop size-us_40_40_crop\" alt=\"\" loading=\"lazy\" srcset=\"https:\/\/www.festivalcinemambiente.it\/wp-content\/uploads\/2024\/02\/flickr-40x40.png 40w, https:\/\/www.festivalcinemambiente.it\/wp-content\/uploads\/2024\/02\/flickr-300x300.png 300w, https:\/\/www.festivalcinemambiente.it\/wp-content\/uploads\/2024\/02\/flickr-150x150.png 150w, https:\/\/www.festivalcinemambiente.it\/wp-content\/uploads\/2024\/02\/flickr-350x350.png 350w, https:\/\/www.festivalcinemambiente.it\/wp-content\/uploads\/2024\/02\/flickr-250x250.png 250w, https:\/\/www.festivalcinemambiente.it\/wp-content\/uploads\/2024\/02\/flickr.png 385w\" sizes=\"(max-width: 40px) 100vw, 40px\" \/><\/a><\/div><\/div><div class=\"ult-spacer spacer-69f1f5590226d\" data-id=\"69f1f5590226d\" data-height=\"30\" data-height-mobile=\"30\" data-height-tab=\"30\" data-height-tab-portrait=\"\" data-height-mobile-landscape=\"\" style=\"clear:both;display:block;\"><\/div><\/div><\/div><div class=\"wpb_column vc_column_container us_custom_08b3c2cc has_bg_color\"><div class=\"vc_column-inner\"><div class=\"ult-spacer spacer-69f1f5590239e\" data-id=\"69f1f5590239e\" data-height=\"50\" data-height-mobile=\"50\" data-height-tab=\"50\" data-height-tab-portrait=\"\" data-height-mobile-landscape=\"\" style=\"clear:both;display:block;\"><\/div><div class=\"wpb_text_column us_custom_d2e91418 has_text_color\"><div class=\"wpb_wrapper\"><p>Aperte le iscrizioni al 7\u00b0 Concorso Nazionale CinemAmbiente Junior<\/p>\n<\/div><\/div><div class=\"wpb_text_column us_custom_e3063e27 has_text_color\"><div class=\"wpb_wrapper\"><p>Riservato ai cortometraggi a tema ambientale realizzati dalle Scuole Primarie e Secondarie di I e II grado.<br \/>\n<strong>La dead line per le iscrizioni dei cortometraggi \u00e8 il 20 aprile 2026.<\/strong><\/p>\n<\/div><\/div><div class=\"w-btn-wrapper align_none\"><a class=\"w-btn us-btn-style_4 us_custom_6df4bc3a has_text_color\" target=\"_blank\" href=\"\/it\/regolamento-junior\/\" rel=\"noopener\"><span class=\"w-btn-label\">ISCRIVI IL TUO FILM<\/span><\/a><\/div><div class=\"ult-spacer spacer-69f1f5590269d\" data-id=\"69f1f5590269d\" data-height=\"50\" data-height-mobile=\"50\" data-height-tab=\"50\" data-height-tab-portrait=\"\" data-height-mobile-landscape=\"\" style=\"clear:both;display:block;\"><\/div><\/div><\/div><\/div><\/div><\/section><section class=\"l-section wpb_row us_custom_9ccc05f2 height_medium width_full\"><div class=\"l-section-h i-cf\"><div class=\"g-cols vc_row via_grid cols_1 laptops-cols_inherit tablets-cols_inherit mobiles-cols_1 valign_top type_default\" style=\"grid-gap:0.5rem;\"><div class=\"wpb_column vc_column_container\"><div class=\"vc_column-inner\"><div class=\"w-separator size_medium\"><\/div><div class=\"g-cols wpb_row via_grid cols_2 laptops-cols_inherit tablets-cols_inherit mobiles-cols_1 valign_top type_default\" style=\"grid-gap:5.4rem;\"><div class=\"wpb_column vc_column_container\"><div class=\"vc_column-inner\"><div class=\"w-hwrapper us_custom_c5033cb9 align_right valign_middle\"><div class=\"w-image align_none\"><div class=\"w-image-h\"><img width=\"300\" height=\"118\" src=\"https:\/\/www.festivalcinemambiente.it\/wp-content\/uploads\/2024\/05\/festival-cinemambiente-28-edizione-04-300x118.png\" class=\"attachment-medium size-medium\" alt=\"\" loading=\"lazy\" srcset=\"https:\/\/www.festivalcinemambiente.it\/wp-content\/uploads\/2024\/05\/festival-cinemambiente-28-edizione-04-300x118.png 300w, https:\/\/www.festivalcinemambiente.it\/wp-content\/uploads\/2024\/05\/festival-cinemambiente-28-edizione-04.png 500w\" sizes=\"(max-width: 300px) 100vw, 300px\" \/><\/div><\/div><\/div><\/div><\/div><\/div><div class=\"ult-spacer spacer-69f1f559032f0\" data-id=\"69f1f559032f0\" data-height=\"40\" data-height-mobile=\"40\" data-height-tab=\"40\" data-height-tab-portrait=\"\" data-height-mobile-landscape=\"\" style=\"clear:both;display:block;\"><\/div><div class=\"w-grid us_custom_7c6c23a7 type_carousel layout_104 cols_4\" id=\"us_grid_1\"><style>#us_grid_1 .w-grid-item{padding:1.5rem}#us_grid_1 .w-grid-list{margin:-1.5rem}.w-grid + #us_grid_1 .w-grid-list,.w-grid-none + #us_grid_1 .w-grid-list{margin-top:1.5rem}.layout_104 .w-grid-item-h{}.layout_104 .usg_post_image_1{margin-bottom:1rem!important}.layout_104 .usg_post_title_1{font-weight:700!important;font-size:1.4rem!important;margin-bottom:0.5rem!important}.layout_104 .usg_hwrapper_1{color:var(--color-content-faded)!important;font-size:0.9rem!important}.layout_104 .usg_post_content_1{margin-top:0.5rem!important}.layout_104 .usg_btn_1{margin-top:1.5rem!important}.layout_104 .usg_post_date_1{color:#ffffff!important;font-weight:700!important;padding-left:3px!important;padding-right:3px!important;background:#89C0A2!important}<\/style><div class=\"w-grid-list owl-carousel navstyle_1 navpos_outside with_dots\" style=\"--arrows-size:18px;\">\t<article class=\"w-grid-item post-5769 post type-post status-publish format-standard has-post-thumbnail hentry category-in-evidenza\" data-id=\"5769\">\r\n\t\t<div class=\"w-grid-item-h\">\r\n\t\t\t\t\t\t<div class=\"w-post-elm post_image usg_post_image_1 has_ratio\"><div style=\"padding-bottom:75%\"><\/div><a href=\"https:\/\/www.festivalcinemambiente.it\/it\/concorso-nazionale-cinemambiente-junior-hai-tempo-fino-al-20-aprile-per-candidare-il-tuo-film\/\" aria-label=\"Concorso Nazionale CinemAmbiente Junior &#8211; Hai tempo fino al 20 aprile per candidare il tuo film!\"><img width=\"1024\" height=\"576\" src=\"https:\/\/www.festivalcinemambiente.it\/wp-content\/uploads\/2026\/01\/CAJ2026_sito_2-1024x576.jpg\" class=\"attachment-large size-large wp-post-image\" alt=\"\" loading=\"lazy\" srcset=\"https:\/\/www.festivalcinemambiente.it\/wp-content\/uploads\/2026\/01\/CAJ2026_sito_2-1024x576.jpg 1024w, https:\/\/www.festivalcinemambiente.it\/wp-content\/uploads\/2026\/01\/CAJ2026_sito_2-300x169.jpg 300w, https:\/\/www.festivalcinemambiente.it\/wp-content\/uploads\/2026\/01\/CAJ2026_sito_2-75x42.jpg 75w\" sizes=\"(max-width: 1024px) 100vw, 1024px\" \/><\/a><\/div><h2 class=\"w-post-elm post_title usg_post_title_1 entry-title color_link_inherit\"><a href=\"https:\/\/www.festivalcinemambiente.it\/it\/concorso-nazionale-cinemambiente-junior-hai-tempo-fino-al-20-aprile-per-candidare-il-tuo-film\/\">Concorso Nazionale CinemAmbiente Junior &#8211; Hai tempo fino al 20 aprile per candidare il tuo film!<\/a><\/h2><div class=\"w-hwrapper usg_hwrapper_1 align_none valign_top wrap\" style=\"--hwrapper-gap:1.20rem\"><time class=\"w-post-elm post_date usg_post_date_1 entry-date published\" datetime=\"2026-04-15T15:20:53+02:00\">15 Aprile 2026<\/time><\/div><div class=\"w-post-elm post_content usg_post_content_1\">Per la settima edizione del Concorso nazionale CinemAmbiente Junior, riservato ai cortometraggi a tema ambientale&hellip;<\/div><div class=\"w-hwrapper usg_hwrapper_2 align_left valign_top\" style=\"--hwrapper-gap:1.20rem\"><a class=\"w-btn us-btn-style_8 usg_btn_1 icon_atright\" href=\"https:\/\/www.festivalcinemambiente.it\/it\/concorso-nazionale-cinemambiente-junior-hai-tempo-fino-al-20-aprile-per-candidare-il-tuo-film\/\"><span class=\"w-btn-label\">Leggi tutto<\/span><i class=\"fas fa-angle-right\"><\/i><\/a><\/div>\t\t<\/div>\r\n\t<\/article>\r\n\t<article class=\"w-grid-item post-5749 post type-post status-publish format-standard has-post-thumbnail hentry category-28 category-in-evidenza\" data-id=\"5749\">\r\n\t\t<div class=\"w-grid-item-h\">\r\n\t\t\t\t\t\t<div class=\"w-post-elm post_image usg_post_image_1 has_ratio\"><div style=\"padding-bottom:75%\"><\/div><a href=\"https:\/\/www.festivalcinemambiente.it\/it\/sono-aperte-le-iscrizioni-al-workshop-green-film-lab-del-torinofilmlab\/\" aria-label=\"Sono aperte le iscrizioni al workshop Green Film Lab del TorinoFilmLab\"><img width=\"1024\" height=\"775\" src=\"https:\/\/www.festivalcinemambiente.it\/wp-content\/uploads\/2026\/01\/GFL-turin-open-call-2026_per-CA-1024x775.jpg\" class=\"attachment-large size-large wp-post-image\" alt=\"\" loading=\"lazy\" srcset=\"https:\/\/www.festivalcinemambiente.it\/wp-content\/uploads\/2026\/01\/GFL-turin-open-call-2026_per-CA-1024x775.jpg 1024w, https:\/\/www.festivalcinemambiente.it\/wp-content\/uploads\/2026\/01\/GFL-turin-open-call-2026_per-CA-300x227.jpg 300w, https:\/\/www.festivalcinemambiente.it\/wp-content\/uploads\/2026\/01\/GFL-turin-open-call-2026_per-CA-75x57.jpg 75w, https:\/\/www.festivalcinemambiente.it\/wp-content\/uploads\/2026\/01\/GFL-turin-open-call-2026_per-CA.jpg 1134w\" sizes=\"(max-width: 1024px) 100vw, 1024px\" \/><\/a><\/div><h2 class=\"w-post-elm post_title usg_post_title_1 entry-title color_link_inherit\"><a href=\"https:\/\/www.festivalcinemambiente.it\/it\/sono-aperte-le-iscrizioni-al-workshop-green-film-lab-del-torinofilmlab\/\">Sono aperte le iscrizioni al workshop Green Film Lab del TorinoFilmLab<\/a><\/h2><div class=\"w-hwrapper usg_hwrapper_1 align_none valign_top wrap\" style=\"--hwrapper-gap:1.20rem\"><time class=\"w-post-elm post_date usg_post_date_1 entry-date published\" datetime=\"2026-01-19T13:01:51+01:00\">19 Gennaio 2026<\/time><\/div><div class=\"w-post-elm post_content usg_post_content_1\">Green Film Lab \u00e8 un laboratorio del TorinoFilmLab che si concentra sulle pratiche di sostenibilit\u00e0&hellip;<\/div><div class=\"w-hwrapper usg_hwrapper_2 align_left valign_top\" style=\"--hwrapper-gap:1.20rem\"><a class=\"w-btn us-btn-style_8 usg_btn_1 icon_atright\" href=\"https:\/\/www.festivalcinemambiente.it\/it\/sono-aperte-le-iscrizioni-al-workshop-green-film-lab-del-torinofilmlab\/\"><span class=\"w-btn-label\">Leggi tutto<\/span><i class=\"fas fa-angle-right\"><\/i><\/a><\/div>\t\t<\/div>\r\n\t<\/article>\r\n\t<article class=\"w-grid-item post-5695 post type-post status-publish format-standard has-post-thumbnail hentry category-28 category-in-evidenza\" data-id=\"5695\">\r\n\t\t<div class=\"w-grid-item-h\">\r\n\t\t\t\t\t\t<div class=\"w-post-elm post_image usg_post_image_1 has_ratio\"><div style=\"padding-bottom:75%\"><\/div><a href=\"https:\/\/www.festivalcinemambiente.it\/it\/gli-ecotalks-di-cinemambiente-a-tfi8\/\" aria-label=\"Gli EcoTalks di CinemAmbiente a TFI8\"><img width=\"1024\" height=\"512\" src=\"https:\/\/www.festivalcinemambiente.it\/wp-content\/uploads\/2025\/05\/ecotalks.banner.small_-1024x512.jpg\" class=\"attachment-large size-large wp-post-image\" alt=\"\" loading=\"lazy\" srcset=\"https:\/\/www.festivalcinemambiente.it\/wp-content\/uploads\/2025\/05\/ecotalks.banner.small_-1024x512.jpg 1024w, https:\/\/www.festivalcinemambiente.it\/wp-content\/uploads\/2025\/05\/ecotalks.banner.small_-300x150.jpg 300w, https:\/\/www.festivalcinemambiente.it\/wp-content\/uploads\/2025\/05\/ecotalks.banner.small_-75x38.jpg 75w\" sizes=\"(max-width: 1024px) 100vw, 1024px\" \/><\/a><\/div><h2 class=\"w-post-elm post_title usg_post_title_1 entry-title color_link_inherit\"><a href=\"https:\/\/www.festivalcinemambiente.it\/it\/gli-ecotalks-di-cinemambiente-a-tfi8\/\">Gli EcoTalks di CinemAmbiente a TFI8<\/a><\/h2><div class=\"w-hwrapper usg_hwrapper_1 align_none valign_top wrap\" style=\"--hwrapper-gap:1.20rem\"><time class=\"w-post-elm post_date usg_post_date_1 entry-date published\" datetime=\"2025-11-13T18:13:50+01:00\">13 Novembre 2025<\/time><\/div><div class=\"w-post-elm post_content usg_post_content_1\">Per il secondo anno consecutivo, CinemAmbiente partecipa a Torino Film Industry con due EcoTalks, appuntamenti&hellip;<\/div><div class=\"w-hwrapper usg_hwrapper_2 align_left valign_top\" style=\"--hwrapper-gap:1.20rem\"><a class=\"w-btn us-btn-style_8 usg_btn_1 icon_atright\" href=\"https:\/\/www.festivalcinemambiente.it\/it\/gli-ecotalks-di-cinemambiente-a-tfi8\/\"><span class=\"w-btn-label\">Leggi tutto<\/span><i class=\"fas fa-angle-right\"><\/i><\/a><\/div>\t\t<\/div>\r\n\t<\/article>\r\n\t<article class=\"w-grid-item post-5674 post type-post status-publish format-standard has-post-thumbnail hentry category-28 category-in-evidenza\" data-id=\"5674\">\r\n\t\t<div class=\"w-grid-item-h\">\r\n\t\t\t\t\t\t<div class=\"w-post-elm post_image usg_post_image_1 has_ratio\"><div style=\"padding-bottom:75%\"><\/div><a href=\"https:\/\/www.festivalcinemambiente.it\/it\/cinemambiente-in-valchiusella-2025\/\" aria-label=\"CinemAmbiente in Valchiusella 2025\"><img width=\"1024\" height=\"379\" src=\"https:\/\/www.festivalcinemambiente.it\/wp-content\/uploads\/2025\/07\/Valk_Facebook-Cover-100-1024x379.jpg\" class=\"attachment-large size-large wp-post-image\" alt=\"\" loading=\"lazy\" srcset=\"https:\/\/www.festivalcinemambiente.it\/wp-content\/uploads\/2025\/07\/Valk_Facebook-Cover-100-1024x379.jpg 1024w, https:\/\/www.festivalcinemambiente.it\/wp-content\/uploads\/2025\/07\/Valk_Facebook-Cover-100-300x111.jpg 300w, https:\/\/www.festivalcinemambiente.it\/wp-content\/uploads\/2025\/07\/Valk_Facebook-Cover-100-75x28.jpg 75w, https:\/\/www.festivalcinemambiente.it\/wp-content\/uploads\/2025\/07\/Valk_Facebook-Cover-100.jpg 1703w\" sizes=\"(max-width: 1024px) 100vw, 1024px\" \/><\/a><\/div><h2 class=\"w-post-elm post_title usg_post_title_1 entry-title color_link_inherit\"><a href=\"https:\/\/www.festivalcinemambiente.it\/it\/cinemambiente-in-valchiusella-2025\/\">CinemAmbiente in Valchiusella 2025<\/a><\/h2><div class=\"w-hwrapper usg_hwrapper_1 align_none valign_top wrap\" style=\"--hwrapper-gap:1.20rem\"><time class=\"w-post-elm post_date usg_post_date_1 entry-date published\" datetime=\"2025-07-22T09:22:17+02:00\">22 Luglio 2025<\/time><\/div><div class=\"w-post-elm post_content usg_post_content_1\">CinemAmbiente in Valchiusella quest&#8217;anno si terr\u00e0\u2063 nei week end dal 24 luglio al 3 agosto&hellip;<\/div><div class=\"w-hwrapper usg_hwrapper_2 align_left valign_top\" style=\"--hwrapper-gap:1.20rem\"><a class=\"w-btn us-btn-style_8 usg_btn_1 icon_atright\" href=\"https:\/\/www.festivalcinemambiente.it\/it\/cinemambiente-in-valchiusella-2025\/\"><span class=\"w-btn-label\">Leggi tutto<\/span><i class=\"fas fa-angle-right\"><\/i><\/a><\/div>\t\t<\/div>\r\n\t<\/article>\r\n\t<article class=\"w-grid-item post-5543 post type-post status-publish format-standard has-post-thumbnail hentry category-28 category-in-evidenza\" data-id=\"5543\">\r\n\t\t<div class=\"w-grid-item-h\">\r\n\t\t\t\t\t\t<div class=\"w-post-elm post_image usg_post_image_1 has_ratio\"><div style=\"padding-bottom:75%\"><\/div><a href=\"https:\/\/www.festivalcinemambiente.it\/it\/28-cinemambiente-day-6\/\" aria-label=\"28\u00b0 CinemAmbiente &#8211; DAY 6\"><img width=\"1024\" height=\"769\" src=\"https:\/\/www.festivalcinemambiente.it\/wp-content\/uploads\/2025\/06\/daily-cinemambiente-256-1024x769.jpg\" class=\"attachment-large size-large wp-post-image\" alt=\"\" loading=\"lazy\" srcset=\"https:\/\/www.festivalcinemambiente.it\/wp-content\/uploads\/2025\/06\/daily-cinemambiente-256-1024x769.jpg 1024w, https:\/\/www.festivalcinemambiente.it\/wp-content\/uploads\/2025\/06\/daily-cinemambiente-256-300x225.jpg 300w, https:\/\/www.festivalcinemambiente.it\/wp-content\/uploads\/2025\/06\/daily-cinemambiente-256-75x56.jpg 75w, https:\/\/www.festivalcinemambiente.it\/wp-content\/uploads\/2025\/06\/daily-cinemambiente-256.jpg 1500w\" sizes=\"(max-width: 1024px) 100vw, 1024px\" \/><\/a><\/div><h2 class=\"w-post-elm post_title usg_post_title_1 entry-title color_link_inherit\"><a href=\"https:\/\/www.festivalcinemambiente.it\/it\/28-cinemambiente-day-6\/\">28\u00b0 CinemAmbiente &#8211; DAY 6<\/a><\/h2><div class=\"w-hwrapper usg_hwrapper_1 align_none valign_top wrap\" style=\"--hwrapper-gap:1.20rem\"><time class=\"w-post-elm post_date usg_post_date_1 entry-date published\" datetime=\"2025-06-11T13:36:34+02:00\">11 Giugno 2025<\/time><\/div><div class=\"w-post-elm post_content usg_post_content_1\">Termina la 28esima edizione del Festival CinemAmbiente con la sua sesta giornata ricca di appuntamenti&hellip;<\/div><div class=\"w-hwrapper usg_hwrapper_2 align_left valign_top\" style=\"--hwrapper-gap:1.20rem\"><a class=\"w-btn us-btn-style_8 usg_btn_1 icon_atright\" href=\"https:\/\/www.festivalcinemambiente.it\/it\/28-cinemambiente-day-6\/\"><span class=\"w-btn-label\">Leggi tutto<\/span><i class=\"fas fa-angle-right\"><\/i><\/a><\/div>\t\t<\/div>\r\n\t<\/article>\r\n\t<article class=\"w-grid-item post-5495 post type-post status-publish format-standard has-post-thumbnail hentry category-28 category-in-evidenza\" data-id=\"5495\">\r\n\t\t<div class=\"w-grid-item-h\">\r\n\t\t\t\t\t\t<div class=\"w-post-elm post_image usg_post_image_1 has_ratio\"><div style=\"padding-bottom:75%\"><\/div><a href=\"https:\/\/www.festivalcinemambiente.it\/it\/28-cinemambiente-i-film-vincitori\/\" aria-label=\"28\u00b0 CinemAmbiente &#8211; I FILM VINCITORI\"><img width=\"1024\" height=\"769\" src=\"https:\/\/www.festivalcinemambiente.it\/wp-content\/uploads\/2025\/06\/daily-cinemambiente-257-1024x769.jpg\" class=\"attachment-large size-large wp-post-image\" alt=\"\" loading=\"lazy\" srcset=\"https:\/\/www.festivalcinemambiente.it\/wp-content\/uploads\/2025\/06\/daily-cinemambiente-257-1024x769.jpg 1024w, https:\/\/www.festivalcinemambiente.it\/wp-content\/uploads\/2025\/06\/daily-cinemambiente-257-300x225.jpg 300w, https:\/\/www.festivalcinemambiente.it\/wp-content\/uploads\/2025\/06\/daily-cinemambiente-257-75x56.jpg 75w, https:\/\/www.festivalcinemambiente.it\/wp-content\/uploads\/2025\/06\/daily-cinemambiente-257.jpg 1500w\" sizes=\"(max-width: 1024px) 100vw, 1024px\" \/><\/a><\/div><h2 class=\"w-post-elm post_title usg_post_title_1 entry-title color_link_inherit\"><a href=\"https:\/\/www.festivalcinemambiente.it\/it\/28-cinemambiente-i-film-vincitori\/\">28\u00b0 CinemAmbiente &#8211; I FILM VINCITORI<\/a><\/h2><div class=\"w-hwrapper usg_hwrapper_1 align_none valign_top wrap\" style=\"--hwrapper-gap:1.20rem\"><time class=\"w-post-elm post_date usg_post_date_1 entry-date published\" datetime=\"2025-06-10T19:35:42+02:00\">10 Giugno 2025<\/time><\/div><div class=\"w-post-elm post_content usg_post_content_1\">Il 28\u00b0 Festival CinemAmbiente conclude la sua parte concorsuale oggi, marted\u00ec 10 giugno, con la&hellip;<\/div><div class=\"w-hwrapper usg_hwrapper_2 align_left valign_top\" style=\"--hwrapper-gap:1.20rem\"><a class=\"w-btn us-btn-style_8 usg_btn_1 icon_atright\" href=\"https:\/\/www.festivalcinemambiente.it\/it\/28-cinemambiente-i-film-vincitori\/\"><span class=\"w-btn-label\">Leggi tutto<\/span><i class=\"fas fa-angle-right\"><\/i><\/a><\/div>\t\t<\/div>\r\n\t<\/article>\r\n\t<article class=\"w-grid-item post-5463 post type-post status-publish format-standard has-post-thumbnail hentry category-28 category-in-evidenza\" data-id=\"5463\">\r\n\t\t<div class=\"w-grid-item-h\">\r\n\t\t\t\t\t\t<div class=\"w-post-elm post_image usg_post_image_1 has_ratio\"><div style=\"padding-bottom:75%\"><\/div><a href=\"https:\/\/www.festivalcinemambiente.it\/it\/28-cinemambiente-day-5\/\" aria-label=\"28\u00b0 CinemAmbiente &#8211; DAY 5\"><img width=\"1024\" height=\"769\" src=\"https:\/\/www.festivalcinemambiente.it\/wp-content\/uploads\/2025\/06\/daily-cinemambiente-255-1024x769.jpg\" class=\"attachment-large size-large wp-post-image\" alt=\"\" loading=\"lazy\" srcset=\"https:\/\/www.festivalcinemambiente.it\/wp-content\/uploads\/2025\/06\/daily-cinemambiente-255-1024x769.jpg 1024w, https:\/\/www.festivalcinemambiente.it\/wp-content\/uploads\/2025\/06\/daily-cinemambiente-255-300x225.jpg 300w, https:\/\/www.festivalcinemambiente.it\/wp-content\/uploads\/2025\/06\/daily-cinemambiente-255-75x56.jpg 75w, https:\/\/www.festivalcinemambiente.it\/wp-content\/uploads\/2025\/06\/daily-cinemambiente-255.jpg 1500w\" sizes=\"(max-width: 1024px) 100vw, 1024px\" \/><\/a><\/div><h2 class=\"w-post-elm post_title usg_post_title_1 entry-title color_link_inherit\"><a href=\"https:\/\/www.festivalcinemambiente.it\/it\/28-cinemambiente-day-5\/\">28\u00b0 CinemAmbiente &#8211; DAY 5<\/a><\/h2><div class=\"w-hwrapper usg_hwrapper_1 align_none valign_top wrap\" style=\"--hwrapper-gap:1.20rem\"><time class=\"w-post-elm post_date usg_post_date_1 entry-date published\" datetime=\"2025-06-10T11:45:19+02:00\">10 Giugno 2025<\/time><\/div><div class=\"w-post-elm post_content usg_post_content_1\">Continua il Festival CinemAmbiente con il quinto e penultimo giorno, tra appuntamenti e incontri. Due&hellip;<\/div><div class=\"w-hwrapper usg_hwrapper_2 align_left valign_top\" style=\"--hwrapper-gap:1.20rem\"><a class=\"w-btn us-btn-style_8 usg_btn_1 icon_atright\" href=\"https:\/\/www.festivalcinemambiente.it\/it\/28-cinemambiente-day-5\/\"><span class=\"w-btn-label\">Leggi tutto<\/span><i class=\"fas fa-angle-right\"><\/i><\/a><\/div>\t\t<\/div>\r\n\t<\/article>\r\n\t<article class=\"w-grid-item post-5452 post type-post status-publish format-standard has-post-thumbnail hentry category-28 category-in-evidenza\" data-id=\"5452\">\r\n\t\t<div class=\"w-grid-item-h\">\r\n\t\t\t\t\t\t<div class=\"w-post-elm post_image usg_post_image_1 has_ratio\"><div style=\"padding-bottom:75%\"><\/div><a href=\"https:\/\/www.festivalcinemambiente.it\/it\/28-cinemambiente-day-4\/\" aria-label=\"28\u00b0 CinemAmbiente &#8211; DAY 4\"><img width=\"1024\" height=\"769\" src=\"https:\/\/www.festivalcinemambiente.it\/wp-content\/uploads\/2025\/06\/daily-cinemambiente-254-1024x769.jpg\" class=\"attachment-large size-large wp-post-image\" alt=\"\" loading=\"lazy\" srcset=\"https:\/\/www.festivalcinemambiente.it\/wp-content\/uploads\/2025\/06\/daily-cinemambiente-254-1024x769.jpg 1024w, https:\/\/www.festivalcinemambiente.it\/wp-content\/uploads\/2025\/06\/daily-cinemambiente-254-300x225.jpg 300w, https:\/\/www.festivalcinemambiente.it\/wp-content\/uploads\/2025\/06\/daily-cinemambiente-254-75x56.jpg 75w, https:\/\/www.festivalcinemambiente.it\/wp-content\/uploads\/2025\/06\/daily-cinemambiente-254.jpg 1500w\" sizes=\"(max-width: 1024px) 100vw, 1024px\" \/><\/a><\/div><h2 class=\"w-post-elm post_title usg_post_title_1 entry-title color_link_inherit\"><a href=\"https:\/\/www.festivalcinemambiente.it\/it\/28-cinemambiente-day-4\/\">28\u00b0 CinemAmbiente &#8211; DAY 4<\/a><\/h2><div class=\"w-hwrapper usg_hwrapper_1 align_none valign_top wrap\" style=\"--hwrapper-gap:1.20rem\"><time class=\"w-post-elm post_date usg_post_date_1 entry-date published\" datetime=\"2025-06-09T13:15:25+02:00\">9 Giugno 2025<\/time><\/div><div class=\"w-post-elm post_content usg_post_content_1\">Il Festival CinemAmbiente prosegue con la sua quarta giornata ricca di film e appuntamenti imperdibili.&hellip;<\/div><div class=\"w-hwrapper usg_hwrapper_2 align_left valign_top\" style=\"--hwrapper-gap:1.20rem\"><a class=\"w-btn us-btn-style_8 usg_btn_1 icon_atright\" href=\"https:\/\/www.festivalcinemambiente.it\/it\/28-cinemambiente-day-4\/\"><span class=\"w-btn-label\">Leggi tutto<\/span><i class=\"fas fa-angle-right\"><\/i><\/a><\/div>\t\t<\/div>\r\n\t<\/article>\r\n\t<article class=\"w-grid-item post-5441 post type-post status-publish format-standard has-post-thumbnail hentry category-28 category-in-evidenza\" data-id=\"5441\">\r\n\t\t<div class=\"w-grid-item-h\">\r\n\t\t\t\t\t\t<div class=\"w-post-elm post_image usg_post_image_1 has_ratio\"><div style=\"padding-bottom:75%\"><\/div><a href=\"https:\/\/www.festivalcinemambiente.it\/it\/28-cinemambiente-day-3\/\" aria-label=\"28\u00b0 CinemAmbiente &#8211; DAY 3\"><img width=\"1024\" height=\"769\" src=\"https:\/\/www.festivalcinemambiente.it\/wp-content\/uploads\/2025\/06\/daily-cinemambiente-253-1024x769.jpg\" class=\"attachment-large size-large wp-post-image\" alt=\"\" loading=\"lazy\" srcset=\"https:\/\/www.festivalcinemambiente.it\/wp-content\/uploads\/2025\/06\/daily-cinemambiente-253-1024x769.jpg 1024w, https:\/\/www.festivalcinemambiente.it\/wp-content\/uploads\/2025\/06\/daily-cinemambiente-253-300x225.jpg 300w, https:\/\/www.festivalcinemambiente.it\/wp-content\/uploads\/2025\/06\/daily-cinemambiente-253-75x56.jpg 75w, https:\/\/www.festivalcinemambiente.it\/wp-content\/uploads\/2025\/06\/daily-cinemambiente-253.jpg 1500w\" sizes=\"(max-width: 1024px) 100vw, 1024px\" \/><\/a><\/div><h2 class=\"w-post-elm post_title usg_post_title_1 entry-title color_link_inherit\"><a href=\"https:\/\/www.festivalcinemambiente.it\/it\/28-cinemambiente-day-3\/\">28\u00b0 CinemAmbiente &#8211; DAY 3<\/a><\/h2><div class=\"w-hwrapper usg_hwrapper_1 align_none valign_top wrap\" style=\"--hwrapper-gap:1.20rem\"><time class=\"w-post-elm post_date usg_post_date_1 entry-date published\" datetime=\"2025-06-08T14:20:13+02:00\">8 Giugno 2025<\/time><\/div><div class=\"w-post-elm post_content usg_post_content_1\">Continua il Festival CinemAmbiente con la terza giornata, tra incontri e proiezioni. La programmazione i&hellip;<\/div><div class=\"w-hwrapper usg_hwrapper_2 align_left valign_top\" style=\"--hwrapper-gap:1.20rem\"><a class=\"w-btn us-btn-style_8 usg_btn_1 icon_atright\" href=\"https:\/\/www.festivalcinemambiente.it\/it\/28-cinemambiente-day-3\/\"><span class=\"w-btn-label\">Leggi tutto<\/span><i class=\"fas fa-angle-right\"><\/i><\/a><\/div>\t\t<\/div>\r\n\t<\/article>\r\n\t<article class=\"w-grid-item post-5428 post type-post status-publish format-standard has-post-thumbnail hentry category-28 category-in-evidenza\" data-id=\"5428\">\r\n\t\t<div class=\"w-grid-item-h\">\r\n\t\t\t\t\t\t<div class=\"w-post-elm post_image usg_post_image_1 has_ratio\"><div style=\"padding-bottom:75%\"><\/div><a href=\"https:\/\/www.festivalcinemambiente.it\/it\/28-cinemambiente-day-2\/\" aria-label=\"28\u00b0 CinemAmbiente &#8211; DAY 2\"><img width=\"1024\" height=\"769\" src=\"https:\/\/www.festivalcinemambiente.it\/wp-content\/uploads\/2025\/06\/daily-cinemambiente-252-1024x769.jpg\" class=\"attachment-large size-large wp-post-image\" alt=\"\" loading=\"lazy\" srcset=\"https:\/\/www.festivalcinemambiente.it\/wp-content\/uploads\/2025\/06\/daily-cinemambiente-252-1024x769.jpg 1024w, https:\/\/www.festivalcinemambiente.it\/wp-content\/uploads\/2025\/06\/daily-cinemambiente-252-300x225.jpg 300w, https:\/\/www.festivalcinemambiente.it\/wp-content\/uploads\/2025\/06\/daily-cinemambiente-252-75x56.jpg 75w, https:\/\/www.festivalcinemambiente.it\/wp-content\/uploads\/2025\/06\/daily-cinemambiente-252.jpg 1500w\" sizes=\"(max-width: 1024px) 100vw, 1024px\" \/><\/a><\/div><h2 class=\"w-post-elm post_title usg_post_title_1 entry-title color_link_inherit\"><a href=\"https:\/\/www.festivalcinemambiente.it\/it\/28-cinemambiente-day-2\/\">28\u00b0 CinemAmbiente &#8211; DAY 2<\/a><\/h2><div class=\"w-hwrapper usg_hwrapper_1 align_none valign_top wrap\" style=\"--hwrapper-gap:1.20rem\"><time class=\"w-post-elm post_date usg_post_date_1 entry-date published\" datetime=\"2025-06-07T11:24:51+02:00\">7 Giugno 2025<\/time><\/div><div class=\"w-post-elm post_content usg_post_content_1\">Il Festival CinemAmbiente prosegue con la seconda giornata, ricca di appuntamenti. In mattinata, al Circolo&hellip;<\/div><div class=\"w-hwrapper usg_hwrapper_2 align_left valign_top\" style=\"--hwrapper-gap:1.20rem\"><a class=\"w-btn us-btn-style_8 usg_btn_1 icon_atright\" href=\"https:\/\/www.festivalcinemambiente.it\/it\/28-cinemambiente-day-2\/\"><span class=\"w-btn-label\">Leggi tutto<\/span><i class=\"fas fa-angle-right\"><\/i><\/a><\/div>\t\t<\/div>\r\n\t<\/article>\r\n<\/div><div class=\"g-preloader type_1\">\r\n\t<div><\/div>\r\n<\/div>\r\n\t<div class=\"w-grid-json hidden\" onclick='return {&quot;action&quot;:&quot;us_ajax_grid&quot;,&quot;ajax_url&quot;:&quot;https:\\\/\\\/www.festivalcinemambiente.it\\\/wp-admin\\\/admin-ajax.php&quot;,&quot;infinite_scroll&quot;:0,&quot;max_num_pages&quot;:7,&quot;pagination&quot;:&quot;none&quot;,&quot;permalink_url&quot;:&quot;https:\\\/\\\/www.festivalcinemambiente.it\\\/it\\\/wp-json\\\/wp\\\/v2\\\/pages\\\/3614\\\/&quot;,&quot;template_vars&quot;:{&quot;columns&quot;:&quot;4&quot;,&quot;exclude_items&quot;:&quot;none&quot;,&quot;img_size&quot;:&quot;default&quot;,&quot;ignore_items_size&quot;:false,&quot;items_layout&quot;:&quot;104&quot;,&quot;items_offset&quot;:&quot;1&quot;,&quot;load_animation&quot;:&quot;none&quot;,&quot;overriding_link&quot;:&quot;none&quot;,&quot;post_id&quot;:3614,&quot;query_args&quot;:{&quot;post_type&quot;:[&quot;post&quot;],&quot;tax_query&quot;:[{&quot;taxonomy&quot;:&quot;category&quot;,&quot;field&quot;:&quot;slug&quot;,&quot;terms&quot;:[&quot;in-evidenza&quot;]}],&quot;post_status&quot;:[&quot;publish&quot;,&quot;acf-disabled&quot;],&quot;posts_per_page&quot;:&quot;10&quot;},&quot;orderby_query_args&quot;:{&quot;orderby&quot;:{&quot;date&quot;:&quot;DESC&quot;}},&quot;type&quot;:&quot;carousel&quot;,&quot;us_grid_ajax_index&quot;:1,&quot;us_grid_filter_params&quot;:null,&quot;us_grid_index&quot;:1,&quot;_us_grid_post_type&quot;:&quot;post&quot;},&quot;carousel_settings&quot;:{&quot;autoHeight&quot;:0,&quot;autoplay&quot;:0,&quot;carousel_fade&quot;:0,&quot;center&quot;:0,&quot;dots&quot;:1,&quot;items&quot;:&quot;4&quot;,&quot;loop&quot;:false,&quot;nav&quot;:1,&quot;slideby&quot;:&quot;1&quot;,&quot;smooth_play&quot;:0,&quot;speed&quot;:250,&quot;timeout&quot;:3000,&quot;transition&quot;:&quot;&quot;},&quot;carousel_breakpoints&quot;:{&quot;1200&quot;:{&quot;items&quot;:4},&quot;900&quot;:{&quot;autoHeight&quot;:0,&quot;autoplay&quot;:1,&quot;autoplayHoverPause&quot;:1,&quot;items&quot;:3,&quot;loop&quot;:false},&quot;600&quot;:{&quot;autoHeight&quot;:0,&quot;autoplay&quot;:1,&quot;autoplayHoverPause&quot;:1,&quot;items&quot;:2,&quot;loop&quot;:false},&quot;0&quot;:{&quot;autoHeight&quot;:0,&quot;autoplay&quot;:1,&quot;autoplayHoverPause&quot;:1,&quot;items&quot;:1,&quot;loop&quot;:true}}}'><\/div>\r\n\t<\/div><div class=\"ult-spacer spacer-69f1f559135e8\" data-id=\"69f1f559135e8\" data-height=\"30\" data-height-mobile=\"30\" data-height-tab=\"30\" data-height-tab-portrait=\"\" data-height-mobile-landscape=\"\" style=\"clear:both;display:block;\"><\/div><div class=\"g-cols wpb_row via_grid cols_2 laptops-cols_inherit tablets-cols_inherit mobiles-cols_1 valign_top type_default\"><div class=\"wpb_column vc_column_container\"><div class=\"vc_column-inner\"><\/div><\/div><div class=\"wpb_column vc_column_container\"><div class=\"vc_column-inner\"><div class=\"w-hwrapper us_custom_c5033cb9 align_right valign_middle\"><div class=\"w-btn-wrapper align_right\"><a class=\"w-btn us-btn-style_1 us_custom_fc662211\" title=\"News\" href=\"\/news-cinemambiente\/\"><span class=\"w-btn-label\">SCOPRI TUTTE LE NEWS<\/span><\/a><\/div><\/div><\/div><\/div><\/div><\/div><\/div><\/div><\/div><\/section><section class=\"l-section wpb_row  hide_on_mobiles height_auto width_full with_video with_youtube with_shape\" id=\"cinemambientedesktop\"><style>@media(max-width:600px){#us_bg_video_f9f2{display:none!important}}<\/style><div class=\"l-section-video\" id=\"us_bg_video_f9f2\"><iframe title=\"Youtube video player\" src=\"\/\/www.youtube.com\/embed\/C7lCrDWnd1o?autoplay=1&loop=1&playlist=C7lCrDWnd1o&controls=0&mute=1&iv_load_policy=3&disablekb=1&wmode=transparent\" allowfullscreen=\"1\" loading=\"lazy\"><\/iframe><\/div><div class=\"l-section-shape type_curve-inv pos_bottom on_front\" style=\"height:8vh;color:#e94838\"><svg xmlns=\"http:\/\/www.w3.org\/2000\/svg\" viewBox=\"0 8 64 8\" preserveAspectRatio=\"none\" width=\"100%\" height=\"100%\">\r\n\t<path fill=\"currentColor\" d=\"M64 15.9 Q32 0.4 0 15.9 L0 18 L64 18 Z\"\/>\r\n<\/svg><\/div><div class=\"l-section-h i-cf\"><div class=\"g-cols vc_row via_grid cols_2 laptops-cols_inherit tablets-cols_inherit mobiles-cols_1 valign_middle type_default\" style=\"grid-gap:0px;\"><div class=\"wpb_column vc_column_container\"><div class=\"vc_column-inner\"><div class=\"ult-spacer spacer-69f1f55913b9d\" data-id=\"69f1f55913b9d\" data-height=\"700\" data-height-mobile=\"700\" data-height-tab=\"700\" data-height-tab-portrait=\"\" data-height-mobile-landscape=\"\" style=\"clear:both;display:block;\"><\/div><\/div><\/div><div class=\"wpb_column vc_column_container us_custom_b240f5fd has_bg_color\"><div class=\"vc_column-inner\"><div class=\"g-cols wpb_row us_custom_6190b421 via_grid cols_5-1 laptops-cols_inherit tablets-cols_inherit mobiles-cols_1 valign_top type_default\"><div class=\"wpb_column vc_column_container us_custom_eeb3f56b\"><div class=\"vc_column-inner\"><div id=\"ultv-5269\" class=\"ult-dual-color ult-adjust-bottom-margin ult-dual-color-responsive-none ultv-5269  \"><div class=\"ult-module-content ult-dual-color-heading\" style=\"text-align:right;\">\r\n\t\t\t\t\t\t<h3><span class=\"ult-before-heading\">\r\n\t\t\t\t\t\t\t\t\t<span class=\"ult-dual-heading-text ult-first-text ult-responsive\"  data-ultimate-target='.ult-dual-color.ultv-5269 .ult-dual-heading-text'  data-responsive-json-new='{\"font-size\":\"desktop:35px;\",\"line-height\":\"\"}'  style=\"color:#1a0514;     border:none; font-weight:bold;\">Il Festival<\/span>\r\n\t\t\t\t\t\t\t\t<\/span><span class=\"ult-adv-heading\" style=\"\">\r\n\t\t\t\t\t\t\t\t\t<span class=\"ult-dual-adv-heading-text ult-highlight-text ult-responsive\"  data-ultimate-target='.ult-dual-color.ultv-5269 .ult-highlight-text'  data-responsive-json-new='{\"font-size\":\"desktop:35px;\",\"line-height\":\"\"}'  style=\"color:#1a0514;     border:none; font-weight:bold;\">Cinemambiente<\/span>\r\n\t\t\t\t\t\t\t\t<\/span><\/h3> <\/div><\/div><div class=\"ult-spacer spacer-69f1f55913e4a\" data-id=\"69f1f55913e4a\" data-height=\"30\" data-height-mobile=\"30\" data-height-tab=\"30\" data-height-tab-portrait=\"\" data-height-mobile-landscape=\"\" style=\"clear:both;display:block;\"><\/div><div class=\"wpb_text_column us_custom_1ee4ae69 has_text_color\"><div class=\"wpb_wrapper\"><p style=\"text-align: right;\"><strong>Il Festival CinemAmbiente nasce a Torino nel 1998 con l\u2019obiettivo di presentare i migliori film e documentari ambientali a livello internazionale e contribuire, con attivit\u00e0 che si sviluppano nel corso di tutto l\u2019anno, alla promozione del cinema e della cultura ambientale.<\/strong><\/p>\n<p style=\"text-align: right;\">Fondato da Gaetano Capizzi, il Festival \u00e8 la pi\u00f9 importante manifestazione italiana dedicata ai film a tematica ambientale.<br \/>\nIl Festival \u00e8 membro fondatore del Green Film Network, associazione che riunisce le pi\u00f9 importanti rassegne cinematografiche internazionali a tema ambientale.<\/p>\n<p style=\"text-align: right;\">Dal 2024 il Festival CinemAmbiente \u00e8 diretto da Lia Furxhi.<\/p>\n<\/div><\/div><\/div><\/div><div class=\"wpb_column vc_column_container\"><div class=\"vc_column-inner\"><\/div><\/div><\/div><\/div><\/div><\/div><\/div><\/section><section class=\"l-section wpb_row  hide_on_default hide_on_laptops hide_on_tablets height_auto width_full with_shape\" id=\"cinemambientemobile\"><div class=\"l-section-shape type_curve-inv pos_bottom\" style=\"height:8vh;color:#e94838\"><svg xmlns=\"http:\/\/www.w3.org\/2000\/svg\" viewBox=\"0 8 64 8\" preserveAspectRatio=\"none\" width=\"100%\" height=\"100%\">\r\n\t<path fill=\"currentColor\" d=\"M64 15.9 Q32 0.4 0 15.9 L0 18 L64 18 Z\"\/>\r\n<\/svg><\/div><div class=\"l-section-h i-cf\"><div class=\"g-cols vc_row via_grid cols_2-1 laptops-cols_inherit tablets-cols_inherit mobiles-cols_1 valign_middle type_default\" style=\"grid-gap:0px;\"><div class=\"wpb_column vc_column_container us_custom_d083e5de has_bg_color\"><div class=\"vc_column-inner\">\n\t\t\t<!-- START Videocineambiente REVOLUTION SLIDER 6.5.19 --><p class=\"rs-p-wp-fix\"><\/p>\n\t\t\t<rs-module-wrap id=\"rev_slider_1_2_wrapper\" data-source=\"gallery\" style=\"visibility:hidden;background:transparent;padding:0;margin:0px auto;margin-top:0;margin-bottom:0;\">\n\t\t\t\t<rs-module id=\"rev_slider_1_2\" style=\"\" data-version=\"6.5.19\">\n\t\t\t\t\t<rs-slides>\n\t\t\t\t\t\t<rs-slide style=\"position: absolute;\" data-key=\"rs-1\" data-title=\"Slide\" data-in=\"o:0;\" data-out=\"a:false;\">\n\t\t\t\t\t\t\t<img src=\"\/\/www.festivalcinemambiente.it\/wp-content\/plugins\/revslider\/public\/assets\/assets\/dummy.png\" alt=\"\" title=\"28\u00b0 CinemAmbiente &#8211; DAY 2\" class=\"rev-slidebg tp-rs-img rs-lazyload\" data-lazyload=\"\/\/www.festivalcinemambiente.it\/wp-content\/plugins\/revslider\/public\/assets\/assets\/transparent.png\" data-no-retina>\n\t\t\t\t\t\t\t<rs-bgvideo \n\t\t\t\t\t\t\t\tdata-video=\"vc:none;w:100%;h:100%;nse:false;l:true;ptimer:false;\"\n\t\t\t\t\t\t\t\tdata-ytid=\"5AIzz25HrEA\"\n\t\t\t\t\t\t\t\tdata-vatr=\"version=3&amp;enablejsapi=1&amp;html5=1&amp;hd=1&amp;wmode=opaque&amp;showinfo=0&amp;rel=0&amp;origin=https:\/\/www.festivalcinemambiente.it;\"\n\t\t\t\t\t\t\t><\/rs-bgvideo>\n<!---->\t\t\t\t\t\t<\/rs-slide>\n\t\t\t\t\t<\/rs-slides>\n\t\t\t\t<\/rs-module>\n\t\t\t\t<script>\n\t\t\t\t\tsetREVStartSize({c: 'rev_slider_1_2',rl:[1240,1024,778,480],el:[700],gw:[1240],gh:[700],type:'hero',justify:'',layout:'fullwidth',mh:\"0\"});if (window.RS_MODULES!==undefined && window.RS_MODULES.modules!==undefined && window.RS_MODULES.modules[\"revslider12\"]!==undefined) {window.RS_MODULES.modules[\"revslider12\"].once = false;window.revapi1 = undefined;if (window.RS_MODULES.checkMinimal!==undefined) window.RS_MODULES.checkMinimal()}\n\t\t\t\t<\/script>\n\t\t\t\t<script src=\"https:\/\/www.youtube.com\/iframe_api\"><\/script>\n\t\t\t<\/rs-module-wrap>\n\t\t\t<!-- END REVOLUTION SLIDER -->\n<\/div><\/div><div class=\"wpb_column vc_column_container us_custom_5111874a has_bg_color\"><div class=\"vc_column-inner\"><div class=\"g-cols wpb_row us_custom_6190b421 via_grid cols_5-1 laptops-cols_inherit tablets-cols_inherit mobiles-cols_1 valign_top type_default\"><div class=\"wpb_column vc_column_container\"><div class=\"vc_column-inner\"><div id=\"ultv-4240\" class=\"ult-dual-color ult-adjust-bottom-margin ult-dual-color-responsive-none ultv-4240  \"><div class=\"ult-module-content ult-dual-color-heading\" style=\"text-align:right;\">\r\n\t\t\t\t\t\t<h3><span class=\"ult-before-heading\">\r\n\t\t\t\t\t\t\t\t\t<span class=\"ult-dual-heading-text ult-first-text ult-responsive\"  data-ultimate-target='.ult-dual-color.ultv-4240 .ult-dual-heading-text'  data-responsive-json-new='{\"font-size\":\"desktop:35px;\",\"line-height\":\"\"}'  style=\"color:#1a0514;     border:none; font-weight:bold;\">Il Festival<\/span>\r\n\t\t\t\t\t\t\t\t<\/span><span class=\"ult-adv-heading\" style=\"\">\r\n\t\t\t\t\t\t\t\t\t<span class=\"ult-dual-adv-heading-text ult-highlight-text ult-responsive\"  data-ultimate-target='.ult-dual-color.ultv-4240 .ult-highlight-text'  data-responsive-json-new='{\"font-size\":\"desktop:35px;\",\"line-height\":\"\"}'  style=\"color:#1a0514;     border:none; font-weight:bold;\">Cinemambiente<\/span>\r\n\t\t\t\t\t\t\t\t<\/span><\/h3> <\/div><\/div><div class=\"ult-spacer spacer-69f1f559149e2\" data-id=\"69f1f559149e2\" data-height=\"30\" data-height-mobile=\"30\" data-height-tab=\"30\" data-height-tab-portrait=\"\" data-height-mobile-landscape=\"\" style=\"clear:both;display:block;\"><\/div><div class=\"wpb_text_column us_custom_65b7a47d has_text_color\"><div class=\"wpb_wrapper\"><p style=\"text-align: right;\"><strong>Il Festival CinemAmbiente nasce a Torino nel 1998 con l&#8217;obiettivo di presentare i migliori film e documentari ambientali a livello internazionale e contribuire, con attivit\u00e0 che sviluppano nel corso di tutto l&#8217;anno, alla promozione del cinema e della cultura ambientale.<\/strong><\/p>\n<p style=\"text-align: right;\">Fondato da Gaetano Capizzi, il Festival \u00e8 organizzato da Associazione CinemAmbiente in collaborazione con il Museo Nazionale del Cinema. Il Festival \u00e8 parte del Green Film Network, un associazione che riunisce i principali festival dedicati all&#8217;ambiente da tutto il mondo.<\/p>\n<p style=\"text-align: right;\">Dal 2024 il Festival CinemAmbiente \u00e8 diretto da Lia Furxhi.<\/p>\n<\/div><\/div><div class=\"ult-spacer spacer-69f1f55914b66\" data-id=\"69f1f55914b66\" data-height=\"\" data-height-mobile=\"50\" data-height-tab=\"\" data-height-tab-portrait=\"\" data-height-mobile-landscape=\"\" style=\"clear:both;display:block;\"><\/div><\/div><\/div><div class=\"wpb_column vc_column_container\"><div class=\"vc_column-inner\"><\/div><\/div><\/div><\/div><\/div><\/div><\/div><\/section><section class=\"l-section wpb_row us_custom_9ccc05f2 height_medium\"><div class=\"l-section-h i-cf\"><div class=\"g-cols vc_row via_grid cols_1 laptops-cols_inherit tablets-cols_inherit mobiles-cols_1 valign_top type_default\"><div class=\"wpb_column vc_column_container\"><div class=\"vc_column-inner\"><div class=\"ult-spacer spacer-69f1f55914da0\" data-id=\"69f1f55914da0\" data-height=\"100\" data-height-mobile=\"30\" data-height-tab=\"\" data-height-tab-portrait=\"\" data-height-mobile-landscape=\"\" style=\"clear:both;display:block;\"><\/div><div class=\"w-image align_center\"><div class=\"w-image-h\"><img width=\"300\" height=\"158\" src=\"https:\/\/www.festivalcinemambiente.it\/wp-content\/uploads\/2024\/05\/claim_CA-300x158.png\" class=\"attachment-medium size-medium\" alt=\"\" loading=\"lazy\" srcset=\"https:\/\/www.festivalcinemambiente.it\/wp-content\/uploads\/2024\/05\/claim_CA-300x158.png 300w, https:\/\/www.festivalcinemambiente.it\/wp-content\/uploads\/2024\/05\/claim_CA-1024x541.png 1024w, https:\/\/www.festivalcinemambiente.it\/wp-content\/uploads\/2024\/05\/claim_CA-75x40.png 75w, https:\/\/www.festivalcinemambiente.it\/wp-content\/uploads\/2024\/05\/claim_CA.png 1081w\" sizes=\"(max-width: 300px) 100vw, 300px\" \/><\/div><\/div><div class=\"ult-spacer spacer-69f1f55915279\" data-id=\"69f1f55915279\" data-height=\"100\" data-height-mobile=\"30\" data-height-tab=\"\" data-height-tab-portrait=\"\" data-height-mobile-landscape=\"\" style=\"clear:both;display:block;\"><\/div><\/div><\/div><\/div><\/div><\/section><section class=\"l-section wpb_row height_auto width_full with_video with_youtube\" id=\"museodelcinema\"><style>@media(max-width:600px){#us_bg_video_t32c{display:none!important}}<\/style><div class=\"l-section-video\" id=\"us_bg_video_t32c\"><iframe title=\"Youtube video player\" src=\"\/\/www.youtube.com\/embed\/LoeUhxPV5nA?autoplay=1&loop=1&playlist=LoeUhxPV5nA&controls=0&mute=1&iv_load_policy=3&disablekb=1&wmode=transparent\" allowfullscreen=\"1\" loading=\"lazy\"><\/iframe><\/div><div class=\"l-section-h i-cf\"><div class=\"g-cols vc_row via_grid cols_2 laptops-cols_inherit tablets-cols_inherit mobiles-cols_1 valign_top type_default\"><div class=\"wpb_column vc_column_container us_custom_d416d326 has_bg_color\"><div class=\"vc_column-inner\"><div class=\"ult-spacer spacer-69f1f5591550e\" data-id=\"69f1f5591550e\" data-height=\"80\" data-height-mobile=\"80\" data-height-tab=\"80\" data-height-tab-portrait=\"\" data-height-mobile-landscape=\"\" style=\"clear:both;display:block;\"><\/div><div id=\"ultv-4157\" class=\"ult-dual-color ult-adjust-bottom-margin ult-dual-color-responsive-none ultv-4157  \"><div class=\"ult-module-content ult-dual-color-heading\" style=\"text-align:left;\">\r\n\t\t\t\t\t\t<h3><span class=\"ult-before-heading\">\r\n\t\t\t\t\t\t\t\t\t<span class=\"ult-dual-heading-text ult-first-text ult-responsive\"  data-ultimate-target='.ult-dual-color.ultv-4157 .ult-dual-heading-text'  data-responsive-json-new='{\"font-size\":\"desktop:35px;\",\"line-height\":\"\"}'  style=\"color:#1a0514;     border:none; font-weight:bold;\">Museo Nazionale<\/span>\r\n\t\t\t\t\t\t\t\t<\/span><span class=\"ult-adv-heading\" style=\"\">\r\n\t\t\t\t\t\t\t\t\t<span class=\"ult-dual-adv-heading-text ult-highlight-text ult-responsive\"  data-ultimate-target='.ult-dual-color.ultv-4157 .ult-highlight-text'  data-responsive-json-new='{\"font-size\":\"desktop:35px;\",\"line-height\":\"\"}'  style=\"color:#1a0514;     border:none; font-weight:bold;\">del Cinema<\/span>\r\n\t\t\t\t\t\t\t\t<\/span><\/h3> <\/div><\/div><div class=\"w-separator size_medium\"><\/div><div class=\"wpb_text_column us_custom_65b7a47d has_text_color\"><div class=\"wpb_wrapper\"><p>Ospitato all\u2019interno della Mole Antonelliana, monumento simbolo di Torino, il Museo Nazionale del Cinema \u00e8 considerato uno tra i pi\u00f9 importanti musei al mondo per la ricchezza del patrimonio e la molteplicit\u00e0 delle sue attivit\u00e0 scientifiche e divulgative.<br \/>\nDeve la sua unicit\u00e0 al peculiare allestimento espositivo che si sviluppa a spirale verso l\u2019alto, su pi\u00f9 livelli espositivi, dando vita a una presentazione spettacolare delle sue straordinarie collezioni e ripercorrendo la storia del cinema dalle origini ai giorni nostri, in un suggestivo itinerario interattivo.<\/p>\n<\/div><\/div><div class=\"ult-spacer spacer-69f1f559156df\" data-id=\"69f1f559156df\" data-height=\"30\" data-height-mobile=\"30\" data-height-tab=\"30\" data-height-tab-portrait=\"\" data-height-mobile-landscape=\"\" style=\"clear:both;display:block;\"><\/div><div class=\"w-hwrapper align_left valign_middle\" style=\"--hwrapper-gap:1.6rem\"><div class=\"w-btn-wrapper align_center\"><a class=\"w-btn us-btn-style_1 us_custom_c9c9800e icon_atleft\" target=\"_blank\" href=\"https:\/\/cinema.museitorino.it\/\" rel=\"noopener\"><i class=\"far fa-ticket\"><\/i><span class=\"w-btn-label\">Biglietteria<\/span><\/a><\/div><div class=\"w-btn-wrapper align_center\"><a class=\"w-btn us-btn-style_1 us_custom_fc662211 icon_atleft\" target=\"_blank\" href=\"http:\/\/www.museocinema.it\/it\/orari-e-biglietti\/museo-nazionale-del-cinema\" rel=\"noopener\"><i class=\"far fa-clock\"><\/i><span class=\"w-btn-label\">Info e Orari<\/span><\/a><\/div><\/div><div class=\"ult-spacer spacer-69f1f559158a3\" data-id=\"69f1f559158a3\" data-height=\"80\" data-height-mobile=\"40\" data-height-tab=\"\" data-height-tab-portrait=\"\" data-height-mobile-landscape=\"\" style=\"clear:both;display:block;\"><\/div><\/div><\/div><div class=\"wpb_column vc_column_container  hide_on_mobiles\"><div class=\"vc_column-inner\"><div class=\"ult-spacer spacer-69f1f55915939\" data-id=\"69f1f55915939\" data-height=\"500\" data-height-mobile=\"500\" data-height-tab=\"500\" data-height-tab-portrait=\"\" data-height-mobile-landscape=\"\" style=\"clear:both;display:block;\"><\/div><\/div><\/div><\/div><\/div><\/section><section class=\"l-section wpb_row height_auto\"><div class=\"l-section-h i-cf\"><div class=\"g-cols vc_row via_grid cols_1 laptops-cols_inherit tablets-cols_inherit mobiles-cols_1 valign_top type_default\"><div class=\"wpb_column vc_column_container\"><div class=\"vc_column-inner\">[vc_raw_js]JTNDc2NyaXB0JTIwc3JjJTNEJTIyaHR0cHMlM0ElMkYlMkZjZG5qcy5jbG91ZGZsYXJlLmNvbSUyRmFqYXglMkZsaWJzJTJGanF1ZXJ5JTJGMy4zLjElMkZqcXVlcnkubWluLmpzJTIyJTNFJTNDJTJGc2NyaXB0JTNFJTBBJTNDc2NyaXB0JTNFJTBBdmFyJTIwbW92ZXVwJTIwJTNEJTIwZG9jdW1lbnQuZ2V0RWxlbWVudHNCeUNsYXNzTmFtZSUyOCUyN21vdmV1cCUyNyUyOSUzQiUwQW5ldyUyMHNpbXBsZVBhcmFsbGF4JTI4bW92ZXVwJTJDJTIwJTdCJTBBJTIwJTIwJTIwJTIwZGVsYXklM0ElMjAxMCUyQyUwQSUyMCUyMCUyMCUyMG9yaWVudGF0aW9uJTNBJTIwJTI3dXAlMjclMkMlMEElMjAlMjAlMjAlMjBzY2FsZSUzQSUyMDEuNyUyQyUwQSUyMCUyMCUyMCUyMG92ZXJmbG93JTNBJTIwdHJ1ZSUwQSUwQSU3RCUyOSUzQiUwQSUzQyUyRnNjcmlwdCUzRQ==[\/vc_raw_js]<\/div><\/div><\/div><\/div><\/section>\n","protected":false},"excerpt":{"rendered":"Il Festival CinemAmbiente prosegue con la seconda giornata, ricca di appuntamenti. In mattinata, al Circolo dei lettori, si \u00e8 tenuto l&#8217;interessante panel Distopie ambientali nell&#8217;audiovisivo contemporaneo. Questo incontro di approfondimento, unito a due proiezioni, costituisce uno dei tre focus tematici della sezione Panorama. Nel pomeriggio, invece, il Museo Regionale di Scienze Naturali, ha ospitato il...","protected":false},"author":2,"featured_media":0,"parent":0,"menu_order":0,"comment_status":"closed","ping_status":"closed","template":"","meta":[],"acf":[],"_links":{"self":[{"href":"https:\/\/www.festivalcinemambiente.it\/it\/wp-json\/wp\/v2\/pages\/3614"}],"collection":[{"href":"https:\/\/www.festivalcinemambiente.it\/it\/wp-json\/wp\/v2\/pages"}],"about":[{"href":"https:\/\/www.festivalcinemambiente.it\/it\/wp-json\/wp\/v2\/types\/page"}],"author":[{"embeddable":true,"href":"https:\/\/www.festivalcinemambiente.it\/it\/wp-json\/wp\/v2\/users\/2"}],"replies":[{"embeddable":true,"href":"https:\/\/www.festivalcinemambiente.it\/it\/wp-json\/wp\/v2\/comments?post=3614"}],"version-history":[{"count":151,"href":"https:\/\/www.festivalcinemambiente.it\/it\/wp-json\/wp\/v2\/pages\/3614\/revisions"}],"predecessor-version":[{"id":5716,"href":"https:\/\/www.festivalcinemambiente.it\/it\/wp-json\/wp\/v2\/pages\/3614\/revisions\/5716"}],"wp:attachment":[{"href":"https:\/\/www.festivalcinemambiente.it\/it\/wp-json\/wp\/v2\/media?parent=3614"}],"curies":[{"name":"wp","href":"https:\/\/api.w.org\/{rel}","templated":true}]}}